{"id":219,"date":"2019-04-11T09:19:44","date_gmt":"2019-04-11T07:19:44","guid":{"rendered":"http:\/\/salentinerandernach.de\/wp\/?page_id=219"},"modified":"2023-05-03T07:14:47","modified_gmt":"2023-05-03T05:14:47","slug":"salentiner-forum","status":"publish","type":"page","link":"https:\/\/salentinerandernach.de\/wp\/salentiner-forum\/","title":{"rendered":"SALENTINER-Forum"},"content":{"rendered":"\n<blockquote class=\"wp-block-quote is-layout-flow wp-block-quote-is-layout-flow\">\n<p><strong>\u00bbMedizin ist eine soziale Wissenschaft &#8211; und Politik weiter nichts als Medizin im Gro\u00dfen\u00ab<\/strong><\/p>\n<\/blockquote>\n\n\n\n<figure class=\"wp-block-image size-large\"><img loading=\"lazy\" decoding=\"async\" width=\"724\" height=\"1024\" src=\"https:\/\/salentinerandernach.de\/wp\/wp-content\/uploads\/2023\/04\/2023-1-Forum-Poster-Moskopp-kl-724x1024.jpg\" alt=\"\" class=\"wp-image-693\" srcset=\"https:\/\/salentinerandernach.de\/wp\/wp-content\/uploads\/2023\/04\/2023-1-Forum-Poster-Moskopp-kl-724x1024.jpg 724w, https:\/\/salentinerandernach.de\/wp\/wp-content\/uploads\/2023\/04\/2023-1-Forum-Poster-Moskopp-kl-212x300.jpg 212w, https:\/\/salentinerandernach.de\/wp\/wp-content\/uploads\/2023\/04\/2023-1-Forum-Poster-Moskopp-kl-768x1086.jpg 768w, https:\/\/salentinerandernach.de\/wp\/wp-content\/uploads\/2023\/04\/2023-1-Forum-Poster-Moskopp-kl-1086x1536.jpg 1086w, https:\/\/salentinerandernach.de\/wp\/wp-content\/uploads\/2023\/04\/2023-1-Forum-Poster-Moskopp-kl-1448x2048.jpg 1448w, https:\/\/salentinerandernach.de\/wp\/wp-content\/uploads\/2023\/04\/2023-1-Forum-Poster-Moskopp-kl.jpg 1500w\" sizes=\"auto, (max-width: 724px) 100vw, 724px\" \/><\/figure>\n\n\n\n<p>\u201e<em>Medizin ist eine soziale Wissenschaft \u2013 und Politik nichts weiter als Medizin im Grossen\u201c<\/em> (Rudolf Virchow 1848): unter diesem Titel durfte das Kurf\u00fcrst-Salentin-Gymnasium Andernach Prof. Dr. Dag Moskopp, Neurochirurg und \u00c4rztlicher Koordinator praktische Ausbildung am Vivantes Klinikum Berlin (KSG-Abiturient 1975), und Clemens Hoch, Rheinland-pf\u00e4lzischer Staatsminister f\u00fcr Wissenschaft und Gesundheit (KSG-Abiturient 1997), im Rahmen der Vortragsreihe \u201eSALENTINER-Forum\u201c als G\u00e4ste begr\u00fc\u00dfen.<\/p>\n\n\n\n<p>n einer Hommage an das humanistische Bildungsideal f\u00fchrte Prof. Dr. Moskopp die Zuh\u00f6rer im vollbesetzten Musiksaal der Schule zun\u00e4chst auf eine Reise durch die \u201ePostkartensammlung seiner Erinnerungen\u201c, die er immer wieder selbst mit beeindruckenden musikalischen Darbietungen am Akkordeon \u2013 von der ukrainischen Nationalhymne \u00fcber Beatles, Bach und Beethoven bis hin zu Woodie Guthries \u201eThis is your land, this is my land\u201c \u2013 begleitete. So verband er Erinnerungen aus seiner Schulzeit am Kurf\u00fcrst-Salentin-Gymnasium mit Fragen der Philosophie, Politik und Zeitgeschichte und bewegenden Fallbeispielen aus seinem Berufsalltag als Neurochirurg, deren moralische Dilemmata zum Nachdenken anregten. Der beeindruckende Vortrag wurde vom Publikum mit stehenden Ovationen belohnt. Im Anschluss kn\u00fcpfte Clemens Hoch mit seinen Erfahrungen aus der Gesundheitspolitik des Landes Rheinland-Pfalz an und betonte anhand des Beispiels der Organspende insbesondere die Wichtigkeit von Entscheidungsmut um schwierige Situationen zu gestalten.<\/p>\n\n\n\n<figure class=\"wp-block-gallery has-nested-images columns-default is-cropped wp-block-gallery-1 is-layout-flex wp-block-gallery-is-layout-flex\">\n<figure class=\"wp-block-image size-full is-style-rounded\"><img loading=\"lazy\" decoding=\"async\" width=\"1875\" height=\"1459\" data-id=\"714\" src=\"https:\/\/salentinerandernach.de\/wp\/wp-content\/uploads\/2023\/05\/Foto-Moskopp-2-scaled-e1683090275570.jpg\" alt=\"\" class=\"wp-image-714\" srcset=\"https:\/\/salentinerandernach.de\/wp\/wp-content\/uploads\/2023\/05\/Foto-Moskopp-2-scaled-e1683090275570.jpg 1875w, https:\/\/salentinerandernach.de\/wp\/wp-content\/uploads\/2023\/05\/Foto-Moskopp-2-scaled-e1683090275570-300x233.jpg 300w, https:\/\/salentinerandernach.de\/wp\/wp-content\/uploads\/2023\/05\/Foto-Moskopp-2-scaled-e1683090275570-1024x797.jpg 1024w, https:\/\/salentinerandernach.de\/wp\/wp-content\/uploads\/2023\/05\/Foto-Moskopp-2-scaled-e1683090275570-768x598.jpg 768w, https:\/\/salentinerandernach.de\/wp\/wp-content\/uploads\/2023\/05\/Foto-Moskopp-2-scaled-e1683090275570-1536x1195.jpg 1536w\" sizes=\"auto, (max-width: 1875px) 100vw, 1875px\" \/><\/figure>\n\n\n\n<figure class=\"wp-block-image size-large is-style-rounded\"><img loading=\"lazy\" decoding=\"async\" width=\"1024\" height=\"683\" data-id=\"698\" src=\"https:\/\/salentinerandernach.de\/wp\/wp-content\/uploads\/2023\/05\/Foto-Hoch-1024x683.jpg\" alt=\"\" class=\"wp-image-698\"\/><\/figure>\n<\/figure>\n\n\n\n<p><\/p>\n\n\n\n<p>Gerd Schumann, Vorsitzender der SALENTINER, bedankte sich abschlie\u00dfend bei beiden Referenten f\u00fcr ihr Kommen und ihren Vortrag mit einem Pr\u00e4sent.<\/p>\n\n\n\n<blockquote class=\"wp-block-quote is-layout-flow wp-block-quote-is-layout-flow\">\n<p><strong><strong>Von Himmelskuh und Horusk\u00f6nig<\/strong><\/strong><\/p>\n\n\n\n<p>Beryl B\u00fcma, M.A., KSG-Abiturient des Jahres 2010, forscht und lehrt als wissenschaftliche Assistentin am Institut f\u00fcr Arch\u00e4ologie und Kulturanthropologie der Universit\u00e4t Bonn.<\/p>\n<\/blockquote>\n\n\n\n<p>In ihrem Vortrag nimmt sie ihre Zuh\u00f6rerschaft mit auf eine interessante Reise durch die Bilder- und Gedankenwelt Fr\u00fch\u00e4gyptens von der ersten Sesshaftwerdung der J\u00e4ger- und Sammlerbev\u00f6lkerung bis hin zur Vereinigung Ober- und Unter\u00e4gyptens am Ende des 4. Jahrtausends v. Chr. durch den ersten gesamt\u00e4gyptischen K\u00f6nig Narmer.<\/p>\n\n\n\n<figure class=\"wp-block-image size-large\"><img loading=\"lazy\" decoding=\"async\" width=\"724\" height=\"1024\" src=\"https:\/\/salentinerandernach.de\/wp\/wp-content\/uploads\/2022\/11\/JB-2021-22-Poster-Forum-Buema-724x1024.jpg\" alt=\"\" class=\"wp-image-646\" srcset=\"https:\/\/salentinerandernach.de\/wp\/wp-content\/uploads\/2022\/11\/JB-2021-22-Poster-Forum-Buema-724x1024.jpg 724w, https:\/\/salentinerandernach.de\/wp\/wp-content\/uploads\/2022\/11\/JB-2021-22-Poster-Forum-Buema-212x300.jpg 212w, https:\/\/salentinerandernach.de\/wp\/wp-content\/uploads\/2022\/11\/JB-2021-22-Poster-Forum-Buema-768x1086.jpg 768w, https:\/\/salentinerandernach.de\/wp\/wp-content\/uploads\/2022\/11\/JB-2021-22-Poster-Forum-Buema-1086x1536.jpg 1086w, https:\/\/salentinerandernach.de\/wp\/wp-content\/uploads\/2022\/11\/JB-2021-22-Poster-Forum-Buema-1448x2048.jpg 1448w, https:\/\/salentinerandernach.de\/wp\/wp-content\/uploads\/2022\/11\/JB-2021-22-Poster-Forum-Buema-scaled.jpg 1810w\" sizes=\"auto, (max-width: 724px) 100vw, 724px\" \/><\/figure>\n\n\n\n<blockquote class=\"wp-block-quote is-style-default is-layout-flow wp-block-quote-is-layout-flow\">\n<p><strong>Entwicklungslinien der Energiewende in Europe<\/strong><\/p>\n<cite>Ingmar Wilhelm, CEO bei Galileo Green Energie, 20. Mai 2022<\/cite><\/blockquote>\n\n\n\n<figure class=\"wp-block-image size-large\"><img loading=\"lazy\" decoding=\"async\" width=\"724\" height=\"1024\" src=\"https:\/\/salentinerandernach.de\/wp\/wp-content\/uploads\/2022\/05\/2022-Forum-Poster-Wilhelm-Print-2-724x1024.jpg\" alt=\"\" class=\"wp-image-604\" srcset=\"https:\/\/salentinerandernach.de\/wp\/wp-content\/uploads\/2022\/05\/2022-Forum-Poster-Wilhelm-Print-2-724x1024.jpg 724w, https:\/\/salentinerandernach.de\/wp\/wp-content\/uploads\/2022\/05\/2022-Forum-Poster-Wilhelm-Print-2-212x300.jpg 212w, https:\/\/salentinerandernach.de\/wp\/wp-content\/uploads\/2022\/05\/2022-Forum-Poster-Wilhelm-Print-2-768x1087.jpg 768w, https:\/\/salentinerandernach.de\/wp\/wp-content\/uploads\/2022\/05\/2022-Forum-Poster-Wilhelm-Print-2.jpg 826w\" sizes=\"auto, (max-width: 724px) 100vw, 724px\" \/><\/figure>\n\n\n\n<p><\/p>\n\n\n\n<blockquote class=\"wp-block-quote is-layout-flow wp-block-quote-is-layout-flow\">\n<p><strong>Mathematik und Film<\/strong><\/p>\n<cite>Prof. Dr. Martin Rumpf, 23. November 2018<\/cite><\/blockquote>\n\n\n<div class=\"wp-block-image\">\n<figure class=\"aligncenter\"><img loading=\"lazy\" decoding=\"async\" width=\"787\" height=\"638\" src=\"http:\/\/salentinerandernach.de\/wp\/wp-content\/uploads\/2019\/04\/Vortrag-Rumpf-3.jpg\" alt=\"\" class=\"wp-image-308\" srcset=\"https:\/\/salentinerandernach.de\/wp\/wp-content\/uploads\/2019\/04\/Vortrag-Rumpf-3.jpg 787w, https:\/\/salentinerandernach.de\/wp\/wp-content\/uploads\/2019\/04\/Vortrag-Rumpf-3-300x243.jpg 300w, https:\/\/salentinerandernach.de\/wp\/wp-content\/uploads\/2019\/04\/Vortrag-Rumpf-3-768x623.jpg 768w\" sizes=\"auto, (max-width: 787px) 100vw, 787px\" \/><\/figure>\n<\/div>\n\n\n<hr class=\"wp-block-separator has-css-opacity\"\/>\n\n\n\n<blockquote class=\"wp-block-quote is-layout-flow wp-block-quote-is-layout-flow\">\n<p><strong>Schalke 04 &#8211; Traditionsverein oder Wirtschaftsunternehmen?<\/strong><\/p>\n<cite>Peter Peters, 14. September 2018<\/cite><\/blockquote>\n\n\n\n<hr class=\"wp-block-separator has-css-opacity\"\/>\n\n\n\n<blockquote class=\"wp-block-quote is-layout-flow wp-block-quote-is-layout-flow\">\n<p><strong>Werteorientierte F\u00fchrung und Zusammenarbeit in einem internationalen Unternehmen<\/strong><\/p>\n<cite>Dr. Frank Zils, 25. November 2016<\/cite><\/blockquote>\n\n\n\n<figure class=\"wp-block-image\"><img loading=\"lazy\" decoding=\"async\" width=\"600\" height=\"253\" src=\"http:\/\/salentinerandernach.de\/wp\/wp-content\/uploads\/2019\/04\/kopfbild_zils.jpg\" alt=\"\" class=\"wp-image-275\" srcset=\"https:\/\/salentinerandernach.de\/wp\/wp-content\/uploads\/2019\/04\/kopfbild_zils.jpg 600w, https:\/\/salentinerandernach.de\/wp\/wp-content\/uploads\/2019\/04\/kopfbild_zils-300x127.jpg 300w\" sizes=\"auto, (max-width: 600px) 100vw, 600px\" \/><\/figure>\n\n\n\n<hr class=\"wp-block-separator has-css-opacity\"\/>\n\n\n\n<blockquote class=\"wp-block-quote is-layout-flow wp-block-quote-is-layout-flow\">\n<p><strong>50 Jahre Lebertransplantation<\/strong><\/p>\n<cite>Dr. Jens Mittler, 2015<\/cite><\/blockquote>\n\n\n\n<figure class=\"wp-block-image\"><img loading=\"lazy\" decoding=\"async\" width=\"600\" height=\"400\" src=\"http:\/\/salentinerandernach.de\/wp\/wp-content\/uploads\/2019\/04\/kopfbild_mittler.jpg\" alt=\"\" class=\"wp-image-273\" srcset=\"https:\/\/salentinerandernach.de\/wp\/wp-content\/uploads\/2019\/04\/kopfbild_mittler.jpg 600w, https:\/\/salentinerandernach.de\/wp\/wp-content\/uploads\/2019\/04\/kopfbild_mittler-300x200.jpg 300w\" sizes=\"auto, (max-width: 600px) 100vw, 600px\" \/><\/figure>\n\n\n\n<hr class=\"wp-block-separator has-css-opacity\"\/>\n\n\n\n<blockquote class=\"wp-block-quote is-layout-flow wp-block-quote-is-layout-flow\">\n<p><strong>Religionsfreiheit im Brennpunkt &#8211; Streiflichter zur aktuellen Situation<\/strong><\/p>\n<cite>Bischof Dr. Stephan Ackermann (Bistum Trier), 21. November 2014<\/cite><\/blockquote>\n\n\n\n<hr class=\"wp-block-separator has-css-opacity\"\/>\n\n\n\n<blockquote class=\"wp-block-quote is-layout-flow wp-block-quote-is-layout-flow\">\n<p><strong>Achilles in Vietnam<\/strong><\/p>\n<cite>Prof. Dr. Tamara Choitz, 2013<\/cite><\/blockquote>\n\n\n\n<hr class=\"wp-block-separator has-css-opacity\"\/>\n\n\n\n<blockquote class=\"wp-block-quote is-layout-flow wp-block-quote-is-layout-flow\">\n<p><strong>Hat die Diplomatie Zukunft? Das Ausw\u00e4rtige Amt \u2013 Deutsche Au\u00dfenpolitik<\/strong><\/p>\n<cite>Staatssekret\u00e4r a.D.&nbsp;Dr. Wolf-Ruthard Born, 30. November 2012<\/cite><\/blockquote>\n\n\n\n<hr class=\"wp-block-separator has-css-opacity\"\/>\n\n\n\n<blockquote class=\"wp-block-quote is-layout-flow wp-block-quote-is-layout-flow\">\n<p><strong>Globale und regionale Energieversorgung &#8211; Trends und Herausforderungen<\/strong><\/p>\n<cite>Dr. Walter Th\u00fcnker, 25.11.2011<\/cite><\/blockquote>\n\n\n\n<hr class=\"wp-block-separator has-css-opacity\"\/>\n\n\n\n<blockquote class=\"wp-block-quote is-layout-flow wp-block-quote-is-layout-flow\">\n<p><strong>Streifz\u00fcge durch \u00e4rztliche Welten &#8211; psychosomatische und naturwissenschaftliche Medizin<\/strong><\/p>\n<cite>PD Dr. Otmar Lei\u00df, 2011<\/cite><\/blockquote>\n\n\n\n<hr class=\"wp-block-separator has-css-opacity\"\/>\n\n\n\n<blockquote class=\"wp-block-quote is-layout-flow wp-block-quote-is-layout-flow\">\n<p><strong>Wie modern ist der Islam?&nbsp;<\/strong><\/p>\n<cite>Prof. Dr. Heinz Halm, 2010<\/cite><\/blockquote>\n\n\n\n<figure class=\"wp-block-image\"><img loading=\"lazy\" decoding=\"async\" width=\"600\" height=\"400\" src=\"http:\/\/salentinerandernach.de\/wp\/wp-content\/uploads\/2019\/04\/halm_kopfbild_72.jpg\" alt=\"\" class=\"wp-image-271\" srcset=\"https:\/\/salentinerandernach.de\/wp\/wp-content\/uploads\/2019\/04\/halm_kopfbild_72.jpg 600w, https:\/\/salentinerandernach.de\/wp\/wp-content\/uploads\/2019\/04\/halm_kopfbild_72-300x200.jpg 300w\" sizes=\"auto, (max-width: 600px) 100vw, 600px\" \/><\/figure>\n\n\n\n<hr class=\"wp-block-separator has-css-opacity\"\/>\n\n\n\n<blockquote class=\"wp-block-quote is-layout-flow wp-block-quote-is-layout-flow\">\n<p><strong>Einf\u00fchrung in den antiken Mythos und sp\u00e4tere Traditionsglieder am Beispiel des Einzelthemas &#8218;Danae und der Goldregen&#8216;<\/strong><\/p>\n<cite>PD Dr. Udo Reinhardt, 2009<br><\/cite><\/blockquote>\n\n\n\n<figure class=\"wp-block-image\"><img loading=\"lazy\" decoding=\"async\" width=\"955\" height=\"471\" src=\"http:\/\/salentinerandernach.de\/wp\/wp-content\/uploads\/2019\/04\/kopfbild_reinhardt.jpg\" alt=\"\" class=\"wp-image-257\" srcset=\"https:\/\/salentinerandernach.de\/wp\/wp-content\/uploads\/2019\/04\/kopfbild_reinhardt.jpg 955w, https:\/\/salentinerandernach.de\/wp\/wp-content\/uploads\/2019\/04\/kopfbild_reinhardt-300x148.jpg 300w, https:\/\/salentinerandernach.de\/wp\/wp-content\/uploads\/2019\/04\/kopfbild_reinhardt-768x379.jpg 768w\" sizes=\"auto, (max-width: 955px) 100vw, 955px\" \/><\/figure>\n\n\n\n<p><\/p>\n\n\n<p><!-- \/wp:post-content --><\/p>","protected":false},"excerpt":{"rendered":"<p>\u00bbMedizin ist eine soziale Wissenschaft &#8211; und Politik weiter nichts als Medizin im Gro\u00dfen\u00ab \u201eMedizin ist eine soziale Wissenschaft \u2013 und Politik nichts weiter als Medizin im Grossen\u201c (Rudolf Virchow 1848): unter diesem Titel durfte das Kurf\u00fcrst-Salentin-Gymnasium Andernach Prof. Dr.<\/p>\n","protected":false},"author":1,"featured_media":0,"parent":0,"menu_order":0,"comment_status":"closed","ping_status":"closed","template":"","meta":{"footnotes":""},"class_list":["post-219","page","type-page","status-publish","hentry"],"_links":{"self":[{"href":"https:\/\/salentinerandernach.de\/wp\/wp-json\/wp\/v2\/pages\/219","targetHints":{"allow":["GET"]}}],"collection":[{"href":"https:\/\/salentinerandernach.de\/wp\/wp-json\/wp\/v2\/pages"}],"about":[{"href":"https:\/\/salentinerandernach.de\/wp\/wp-json\/wp\/v2\/types\/page"}],"author":[{"embeddable":true,"href":"https:\/\/salentinerandernach.de\/wp\/wp-json\/wp\/v2\/users\/1"}],"replies":[{"embeddable":true,"href":"https:\/\/salentinerandernach.de\/wp\/wp-json\/wp\/v2\/comments?post=219"}],"version-history":[{"count":53,"href":"https:\/\/salentinerandernach.de\/wp\/wp-json\/wp\/v2\/pages\/219\/revisions"}],"predecessor-version":[{"id":722,"href":"https:\/\/salentinerandernach.de\/wp\/wp-json\/wp\/v2\/pages\/219\/revisions\/722"}],"wp:attachment":[{"href":"https:\/\/salentinerandernach.de\/wp\/wp-json\/wp\/v2\/media?parent=219"}],"curies":[{"name":"wp","href":"https:\/\/api.w.org\/{rel}","templated":true}]}}